{"id":2997,"date":"2025-02-28T09:10:42","date_gmt":"2025-02-28T09:10:42","guid":{"rendered":"https:\/\/amaniservices.ca\/?page_id=2997"},"modified":"2025-07-16T16:58:03","modified_gmt":"2025-07-16T16:58:03","slug":"amani","status":"publish","type":"page","link":"https:\/\/amaniservices.ca\/fr\/amani\/","title":{"rendered":"\u00c0 propos"},"content":{"rendered":"\t\t<div data-elementor-type=\"wp-page\" data-elementor-id=\"2997\" class=\"elementor elementor-2997\" data-elementor-post-type=\"page\">\n\t\t\t\t<div class=\"elementor-element elementor-element-9352872 e-flex e-con-boxed e-con e-parent\" data-id=\"9352872\" data-element_type=\"container\" data-e-type=\"container\" data-settings=\"{&quot;background_background&quot;:&quot;classic&quot;}\">\n\t\t\t\t\t<div class=\"e-con-inner\">\n\t\t\t\t<div class=\"elementor-element elementor-element-90fa63e elementor-widget elementor-widget-heading\" data-id=\"90fa63e\" data-element_type=\"widget\" data-e-type=\"widget\" data-widget_type=\"heading.default\">\n\t\t\t\t<div class=\"elementor-widget-container\">\n\t\t\t\t\t<h1 class=\"elementor-heading-title elementor-size-default\">\u00c0 propos d\u2019AMANI<\/h1>\t\t\t\t<\/div>\n\t\t\t\t<\/div>\n\t\t<div class=\"elementor-element elementor-element-16135b2 e-flex e-con-boxed e-con e-child\" data-id=\"16135b2\" data-element_type=\"container\" data-e-type=\"container\" data-settings=\"{&quot;background_background&quot;:&quot;classic&quot;}\">\n\t\t\t\t\t<div class=\"e-con-inner\">\n\t\t<div class=\"elementor-element elementor-element-57d0254 e-con-full e-flex e-con e-child\" data-id=\"57d0254\" data-element_type=\"container\" data-e-type=\"container\">\n\t\t\t\t<\/div>\n\t\t<div class=\"elementor-element elementor-element-ee59255 e-con-full e-flex e-con e-child\" data-id=\"ee59255\" data-element_type=\"container\" data-e-type=\"container\">\n\t\t\t\t<div class=\"elementor-element elementor-element-2f8e5b9 elementor-widget elementor-widget-text-editor\" data-id=\"2f8e5b9\" data-element_type=\"widget\" data-e-type=\"widget\" data-widget_type=\"text-editor.default\">\n\t\t\t\t<div class=\"elementor-widget-container\">\n\t\t\t\t\t\t\t\t\t<p>AMANI est le tout premier partenariat canadien entre un h\u00f4pital et des organismes communautaires, d\u00e9di\u00e9 \u00e0 l\u2019am\u00e9lioration des soins pour les jeunes Noirs.<\/p>\t\t\t\t\t\t\t\t<\/div>\n\t\t\t\t<\/div>\n\t\t\t\t<div class=\"elementor-element elementor-element-cc26d61 elementor-widget elementor-widget-text-editor\" data-id=\"cc26d61\" data-element_type=\"widget\" data-e-type=\"widget\" data-widget_type=\"text-editor.default\">\n\t\t\t\t<div class=\"elementor-widget-container\">\n\t\t\t\t\t\t\t\t\t<p>AMANI repr\u00e9sente un r\u00e9seau provincial d\u2019organisations en Ontario partageant une vision commune : offrir des programmes et services qui soutiennent et outillent les jeunes s\u2019identifiant comme Africains, Carib\u00e9ens et\/ou Noirs afin qu\u2019ils atteignent leurs objectifs de bien-\u00eatre.<\/p>\t\t\t\t\t\t\t\t<\/div>\n\t\t\t\t<\/div>\n\t\t\t\t<div class=\"elementor-element elementor-element-bedb76b elementor-widget elementor-widget-text-editor\" data-id=\"bedb76b\" data-element_type=\"widget\" data-e-type=\"widget\" data-widget_type=\"text-editor.default\">\n\t\t\t\t<div class=\"elementor-widget-container\">\n\t\t\t\t\t\t\t\t\t<p>Les services propos\u00e9s incluent notre programme en sant\u00e9 mentale et en usage de substances <em>(anciennement connu sous le nom de Programme de traitement de la toxicomanie pour les jeunes Afro-Canadiens et Carib\u00e9ens \u2013 PTTJAC)<\/em>, un projet pilote en collaboration avec le Centre de justice du nord-ouest de Toronto, ainsi que notre comit\u00e9 consultatif des jeunes Noirs.<\/p>\t\t\t\t\t\t\t\t<\/div>\n\t\t\t\t<\/div>\n\t\t\t\t<div class=\"elementor-element elementor-element-f55379b elementor-widget-divider--view-line elementor-widget elementor-widget-divider\" data-id=\"f55379b\" data-element_type=\"widget\" data-e-type=\"widget\" data-widget_type=\"divider.default\">\n\t\t\t\t<div class=\"elementor-widget-container\">\n\t\t\t\t\t\t\t<div class=\"elementor-divider\">\n\t\t\t<span class=\"elementor-divider-separator\">\n\t\t\t\t\t\t<\/span>\n\t\t<\/div>\n\t\t\t\t\t\t<\/div>\n\t\t\t\t<\/div>\n\t\t\t\t<div class=\"elementor-element elementor-element-9a7ec9d elementor-widget__width-initial elementor-widget-mobile__width-initial elementor-widget elementor-widget-heading\" data-id=\"9a7ec9d\" data-element_type=\"widget\" data-e-type=\"widget\" data-widget_type=\"heading.default\">\n\t\t\t\t<div class=\"elementor-widget-container\">\n\t\t\t\t\t<h3 class=\"elementor-heading-title elementor-size-default\">Pour avoir acc\u00e8s \u00e0 ces services de soutien,<\/h3>\t\t\t\t<\/div>\n\t\t\t\t<\/div>\n\t\t\t\t<div class=\"elementor-element elementor-element-d552df6 elementor-align-left elementor-mobile-align-left elementor-widget elementor-widget-button\" data-id=\"d552df6\" data-element_type=\"widget\" data-e-type=\"widget\" data-widget_type=\"button.default\">\n\t\t\t\t<div class=\"elementor-widget-container\">\n\t\t\t\t\t\t\t\t\t<div class=\"elementor-button-wrapper\">\n\t\t\t\t\t<a class=\"elementor-button elementor-button-link elementor-size-sm elementor-animation-float\" href=\"https:\/\/amaniservices.ca\/fr\/sante-mentale-et-usage-de-substances\/\">\n\t\t\t\t\t\t<span class=\"elementor-button-content-wrapper\">\n\t\t\t\t\t\t\t\t\t<span class=\"elementor-button-text\">Visitez notre page Programmes et services<\/span>\n\t\t\t\t\t<\/span>\n\t\t\t\t\t<\/a>\n\t\t\t\t<\/div>\n\t\t\t\t\t\t\t\t<\/div>\n\t\t\t\t<\/div>\n\t\t\t\t<\/div>\n\t\t\t\t\t<\/div>\n\t\t\t\t<\/div>\n\t\t\t\t\t<\/div>\n\t\t\t\t<\/div>\n\t\t<div class=\"elementor-element elementor-element-ac0df79 e-flex e-con-boxed e-con e-parent\" data-id=\"ac0df79\" data-element_type=\"container\" data-e-type=\"container\" data-settings=\"{&quot;background_background&quot;:&quot;classic&quot;}\">\n\t\t\t\t\t<div class=\"e-con-inner\">\n\t\t\t\t<div class=\"elementor-element elementor-element-a0bfe69 elementor-widget elementor-widget-heading\" data-id=\"a0bfe69\" data-element_type=\"widget\" data-e-type=\"widget\" data-widget_type=\"heading.default\">\n\t\t\t\t<div class=\"elementor-widget-container\">\n\t\t\t\t\t<h2 class=\"elementor-heading-title elementor-size-default\">Quelle est l\u2019approche d\u2019AMANI pour soutenir les jeunes Noirs ayant des probl\u00e8mes de sant\u00e9 mentale et\/ou d\u2019usage de substances ?<\/h2>\t\t\t\t<\/div>\n\t\t\t\t<\/div>\n\t\t\t\t\t<\/div>\n\t\t\t\t<\/div>\n\t\t<div class=\"elementor-element elementor-element-001cf3d e-flex e-con-boxed e-con e-parent\" data-id=\"001cf3d\" data-element_type=\"container\" data-e-type=\"container\" data-settings=\"{&quot;background_background&quot;:&quot;classic&quot;}\">\n\t\t\t\t\t<div class=\"e-con-inner\">\n\t\t<div class=\"elementor-element elementor-element-1a930e5 e-con-full e-flex e-con e-child\" data-id=\"1a930e5\" data-element_type=\"container\" data-e-type=\"container\">\n\t\t\t\t<div class=\"elementor-element elementor-element-592735e elementor-widget elementor-widget-image\" data-id=\"592735e\" data-element_type=\"widget\" data-e-type=\"widget\" data-widget_type=\"image.default\">\n\t\t\t\t<div class=\"elementor-widget-container\">\n\t\t\t\t\t\t\t\t\t\t\t\t\t\t\t<img fetchpriority=\"high\" decoding=\"async\" width=\"800\" height=\"528\" src=\"https:\/\/amaniservices.ca\/wp-content\/uploads\/2024\/02\/Amplify-banners-FINALS_2-03-1024x676.png\" class=\"attachment-large size-large wp-image-2312\" alt=\"Young man with a phone in his hand with a young lady smiling\" srcset=\"https:\/\/amaniservices.ca\/wp-content\/uploads\/2024\/02\/Amplify-banners-FINALS_2-03-1024x676.png 1024w, https:\/\/amaniservices.ca\/wp-content\/uploads\/2024\/02\/Amplify-banners-FINALS_2-03-300x198.png 300w, https:\/\/amaniservices.ca\/wp-content\/uploads\/2024\/02\/Amplify-banners-FINALS_2-03-768x507.png 768w, https:\/\/amaniservices.ca\/wp-content\/uploads\/2024\/02\/Amplify-banners-FINALS_2-03-1536x1015.png 1536w, https:\/\/amaniservices.ca\/wp-content\/uploads\/2024\/02\/Amplify-banners-FINALS_2-03-2048x1353.png 2048w\" sizes=\"(max-width: 800px) 100vw, 800px\" \/>\t\t\t\t\t\t\t\t\t\t\t\t\t\t\t<\/div>\n\t\t\t\t<\/div>\n\t\t\t\t<\/div>\n\t\t<div class=\"elementor-element elementor-element-8531213 e-con-full e-flex e-con e-child\" data-id=\"8531213\" data-element_type=\"container\" data-e-type=\"container\">\n\t\t\t\t<div class=\"elementor-element elementor-element-1dface4 elementor-icon-list--layout-traditional elementor-list-item-link-full_width elementor-widget elementor-widget-icon-list\" data-id=\"1dface4\" data-element_type=\"widget\" data-e-type=\"widget\" data-widget_type=\"icon-list.default\">\n\t\t\t\t<div class=\"elementor-widget-container\">\n\t\t\t\t\t\t\t<ul class=\"elementor-icon-list-items\">\n\t\t\t\t\t\t\t<li class=\"elementor-icon-list-item\">\n\t\t\t\t\t\t\t\t\t\t\t<span class=\"elementor-icon-list-icon\">\n\t\t\t\t\t\t\t<i aria-hidden=\"true\" class=\"fas fa-chevron-right\"><\/i>\t\t\t\t\t\t<\/span>\n\t\t\t\t\t\t\t\t\t\t<span class=\"elementor-icon-list-text\">AMANI prend en consid\u00e9ration les difficult\u00e9s uniques auxquelles les jeunes Noirs sont confront\u00e9s. Le racisme anti-Noir, la criminalisation, la pauvret\u00e9 et d\u2019autres formes de discrimination et d\u2019oppression peuvent affecter notre sant\u00e9 mentale et rendre difficile l\u2019acc\u00e8s aux services appropri\u00e9s.<\/span>\n\t\t\t\t\t\t\t\t\t<\/li>\n\t\t\t\t\t\t\t\t<li class=\"elementor-icon-list-item\">\n\t\t\t\t\t\t\t\t\t\t\t<span class=\"elementor-icon-list-icon\">\n\t\t\t\t\t\t\t<i aria-hidden=\"true\" class=\"fas fa-chevron-right\"><\/i>\t\t\t\t\t\t<\/span>\n\t\t\t\t\t\t\t\t\t\t<span class=\"elementor-icon-list-text\">Les programmes et services de nos \u00e9quipes cliniques s\u2019appuient sur une approche afrocentrique, ax\u00e9e sur les jeunes, bienveillante, antiraciste, anti-oppressive, fond\u00e9e sur la r\u00e9duction des m\u00e9faits, intersectionnelle, f\u00e9ministe, centr\u00e9e sur les forces et orient\u00e9e vers la gu\u00e9rison, afin de soutenir les jeunes Noirs aux prises avec des enjeux de sant\u00e9 mentale et\/ou d\u2019usage de substances \u00e0 se r\u00e9tablir.<\/span>\n\t\t\t\t\t\t\t\t\t<\/li>\n\t\t\t\t\t\t\t\t<li class=\"elementor-icon-list-item\">\n\t\t\t\t\t\t\t\t\t\t\t<span class=\"elementor-icon-list-icon\">\n\t\t\t\t\t\t\t<i aria-hidden=\"true\" class=\"fas fa-chevron-right\"><\/i>\t\t\t\t\t\t<\/span>\n\t\t\t\t\t\t\t\t\t\t<span class=\"elementor-icon-list-text\">Tous les programmes et services cliniques d\u2019AMANI sont confidentiels.<\/span>\n\t\t\t\t\t\t\t\t\t<\/li>\n\t\t\t\t\t\t<\/ul>\n\t\t\t\t\t\t<\/div>\n\t\t\t\t<\/div>\n\t\t\t\t<div class=\"elementor-element elementor-element-a851f3c elementor-align-left elementor-widget elementor-widget-button\" data-id=\"a851f3c\" data-element_type=\"widget\" data-e-type=\"widget\" data-widget_type=\"button.default\">\n\t\t\t\t<div class=\"elementor-widget-container\">\n\t\t\t\t\t\t\t\t\t<div class=\"elementor-button-wrapper\">\n\t\t\t\t\t<a class=\"elementor-button elementor-button-link elementor-size-sm elementor-animation-float\" href=\"https:\/\/amaniservices.ca\/fr\/sante-mentale-et-usage-de-substances\/\">\n\t\t\t\t\t\t<span class=\"elementor-button-content-wrapper\">\n\t\t\t\t\t\t\t\t\t<span class=\"elementor-button-text\">En savoir plus sur nos programmes et services<\/span>\n\t\t\t\t\t<\/span>\n\t\t\t\t\t<\/a>\n\t\t\t\t<\/div>\n\t\t\t\t\t\t\t\t<\/div>\n\t\t\t\t<\/div>\n\t\t\t\t<\/div>\n\t\t\t\t\t<\/div>\n\t\t\t\t<\/div>\n\t\t<div class=\"elementor-element elementor-element-002a394 e-flex e-con-boxed e-con e-parent\" data-id=\"002a394\" data-element_type=\"container\" data-e-type=\"container\" data-settings=\"{&quot;background_background&quot;:&quot;classic&quot;}\">\n\t\t\t\t\t<div class=\"e-con-inner\">\n\t\t<div class=\"elementor-element elementor-element-4414afe e-con-full e-flex e-con e-child\" data-id=\"4414afe\" data-element_type=\"container\" data-e-type=\"container\">\n\t\t\t\t<div class=\"elementor-element elementor-element-755897f elementor-widget-mobile__width-initial elementor-widget elementor-widget-heading\" data-id=\"755897f\" data-element_type=\"widget\" data-e-type=\"widget\" data-widget_type=\"heading.default\">\n\t\t\t\t<div class=\"elementor-widget-container\">\n\t\t\t\t\t<h2 class=\"elementor-heading-title elementor-size-default\">Historique et contexte<\/h2>\t\t\t\t<\/div>\n\t\t\t\t<\/div>\n\t\t\t\t<\/div>\n\t\t\t\t\t<\/div>\n\t\t\t\t<\/div>\n\t\t<div class=\"elementor-element elementor-element-8d16d9f e-flex e-con-boxed e-con e-parent\" data-id=\"8d16d9f\" data-element_type=\"container\" data-e-type=\"container\" data-settings=\"{&quot;background_background&quot;:&quot;classic&quot;}\">\n\t\t\t\t\t<div class=\"e-con-inner\">\n\t\t<div class=\"elementor-element elementor-element-5794a2b e-con-full e-flex e-con e-child\" data-id=\"5794a2b\" data-element_type=\"container\" data-e-type=\"container\">\n\t\t\t\t<div class=\"elementor-element elementor-element-9518cf6 elementor-widget elementor-widget-hotspot\" data-id=\"9518cf6\" data-element_type=\"widget\" data-e-type=\"widget\" data-settings=\"{&quot;hotspot&quot;:[{&quot;_id&quot;:&quot;e04e4c8&quot;,&quot;hotspot_custom_size&quot;:&quot;&quot;,&quot;hotspot_width&quot;:{&quot;unit&quot;:&quot;px&quot;,&quot;size&quot;:237,&quot;sizes&quot;:[]},&quot;hotspot_height&quot;:{&quot;unit&quot;:&quot;px&quot;,&quot;size&quot;:47,&quot;sizes&quot;:[]},&quot;hotspot_tooltip_content&quot;:&quot;&lt;p&gt;Le labyrinthe bleu turquoise au-dessus du \\u00ab A \\u00bb repr\\u00e9sente le cheminement vers le bien-\\u00eatre mental.&lt;\\\/p&gt;&quot;,&quot;hotspot_offset_x&quot;:{&quot;unit&quot;:&quot;%&quot;,&quot;size&quot;:-3,&quot;sizes&quot;:[]},&quot;hotspot_offset_y&quot;:{&quot;unit&quot;:&quot;%&quot;,&quot;size&quot;:20,&quot;sizes&quot;:[]},&quot;hotspot_label&quot;:&quot;&quot;,&quot;hotspot_link&quot;:{&quot;url&quot;:&quot;&quot;,&quot;is_external&quot;:&quot;&quot;,&quot;nofollow&quot;:&quot;&quot;,&quot;custom_attributes&quot;:&quot;&quot;},&quot;hotspot_icon&quot;:{&quot;value&quot;:&quot;&quot;,&quot;library&quot;:&quot;&quot;},&quot;hotspot_horizontal&quot;:&quot;left&quot;,&quot;hotspot_vertical&quot;:&quot;top&quot;,&quot;hotspot_tooltip_position&quot;:&quot;no&quot;,&quot;hotspot_position&quot;:null},{&quot;_id&quot;:&quot;9bfd2f8&quot;,&quot;hotspot_tooltip_content&quot;:&quot;&lt;p&gt;La bulle de dialogue jaune au-dessus du \\u00ab M \\u00bb symbolise un espace s\\u00fbr o\\u00f9 parler ouvertement de sant\\u00e9 mentale et de l\\u2019usage de substances.&lt;\\\/p&gt;&quot;,&quot;hotspot_offset_x&quot;:{&quot;unit&quot;:&quot;%&quot;,&quot;size&quot;:37,&quot;sizes&quot;:[]},&quot;hotspot_offset_y&quot;:{&quot;unit&quot;:&quot;%&quot;,&quot;size&quot;:-10,&quot;sizes&quot;:[]},&quot;hotspot_label&quot;:&quot;&quot;,&quot;hotspot_link&quot;:{&quot;url&quot;:&quot;&quot;,&quot;is_external&quot;:&quot;&quot;,&quot;nofollow&quot;:&quot;&quot;,&quot;custom_attributes&quot;:&quot;&quot;},&quot;hotspot_icon&quot;:{&quot;value&quot;:&quot;&quot;,&quot;library&quot;:&quot;&quot;},&quot;hotspot_custom_size&quot;:&quot;no&quot;,&quot;hotspot_horizontal&quot;:&quot;left&quot;,&quot;hotspot_vertical&quot;:&quot;top&quot;,&quot;hotspot_tooltip_position&quot;:&quot;no&quot;,&quot;hotspot_position&quot;:null},{&quot;_id&quot;:&quot;9f8b385&quot;,&quot;hotspot_offset_x&quot;:{&quot;unit&quot;:&quot;%&quot;,&quot;size&quot;:104,&quot;sizes&quot;:[]},&quot;hotspot_offset_y&quot;:{&quot;unit&quot;:&quot;%&quot;,&quot;size&quot;:1,&quot;sizes&quot;:[]},&quot;hotspot_tooltip_content&quot;:&quot;&lt;p&gt;Le pont au-dessus du \\u00ab ANI \\u00bb \\u00e9voque \\u00e0 la fois la connexion et le d\\u00e9passement des obstacles, illustrant l\\u2019engagement d\\u2019AMANI \\u00e0 soutenir les jeunes et les familles noires dans leurs parcours li\\u00e9s \\u00e0 la sant\\u00e9 mentale et \\u00e0 l\\u2019usage de substances.&lt;\\\/p&gt;&quot;,&quot;hotspot_label&quot;:&quot;&quot;,&quot;hotspot_link&quot;:{&quot;url&quot;:&quot;&quot;,&quot;is_external&quot;:&quot;&quot;,&quot;nofollow&quot;:&quot;&quot;,&quot;custom_attributes&quot;:&quot;&quot;},&quot;hotspot_icon&quot;:{&quot;value&quot;:&quot;&quot;,&quot;library&quot;:&quot;&quot;},&quot;hotspot_custom_size&quot;:&quot;no&quot;,&quot;hotspot_horizontal&quot;:&quot;left&quot;,&quot;hotspot_vertical&quot;:&quot;top&quot;,&quot;hotspot_tooltip_position&quot;:&quot;no&quot;,&quot;hotspot_position&quot;:null},{&quot;_id&quot;:&quot;b63c6d6&quot;,&quot;hotspot_offset_x&quot;:{&quot;unit&quot;:&quot;%&quot;,&quot;size&quot;:84,&quot;sizes&quot;:[]},&quot;hotspot_offset_y&quot;:{&quot;unit&quot;:&quot;%&quot;,&quot;size&quot;:104,&quot;sizes&quot;:[]},&quot;hotspot_tooltip_content&quot;:&quot;&lt;p&gt;Les triangles repr\\u00e9sentent la force et la stabilit\\u00e9 qu\\u2019offre le sentiment d\\u2019appartenance \\u00e0 une communaut\\u00e9 \\u2014 des \\u00e9l\\u00e9ments souvent utilis\\u00e9s pour b\\u00e2tir les ponts les plus solides.&lt;\\\/p&gt;&quot;,&quot;hotspot_label&quot;:&quot;&quot;,&quot;hotspot_link&quot;:{&quot;url&quot;:&quot;&quot;,&quot;is_external&quot;:&quot;&quot;,&quot;nofollow&quot;:&quot;&quot;,&quot;custom_attributes&quot;:&quot;&quot;},&quot;hotspot_icon&quot;:{&quot;value&quot;:&quot;&quot;,&quot;library&quot;:&quot;&quot;},&quot;hotspot_custom_size&quot;:&quot;no&quot;,&quot;hotspot_horizontal&quot;:&quot;left&quot;,&quot;hotspot_vertical&quot;:&quot;top&quot;,&quot;hotspot_tooltip_position&quot;:&quot;no&quot;,&quot;hotspot_position&quot;:null}],&quot;tooltip_trigger&quot;:&quot;mouseenter&quot;,&quot;tooltip_position&quot;:&quot;top&quot;,&quot;tooltip_animation&quot;:&quot;e-hotspot--fade-in-out&quot;}\" data-widget_type=\"hotspot.default\">\n\t\t\t\t<div class=\"elementor-widget-container\">\n\t\t\t\t\t<img decoding=\"async\" width=\"800\" height=\"330\" src=\"https:\/\/amaniservices.ca\/wp-content\/uploads\/2023\/10\/Amani_white-1024x423.png\" class=\"attachment-large size-large wp-image-13\" alt=\"\" srcset=\"https:\/\/amaniservices.ca\/wp-content\/uploads\/2023\/10\/Amani_white-1024x423.png 1024w, https:\/\/amaniservices.ca\/wp-content\/uploads\/2023\/10\/Amani_white-300x124.png 300w, https:\/\/amaniservices.ca\/wp-content\/uploads\/2023\/10\/Amani_white-768x317.png 768w, https:\/\/amaniservices.ca\/wp-content\/uploads\/2023\/10\/Amani_white.png 1029w\" sizes=\"(max-width: 800px) 100vw, 800px\" \/>\n\t\t\t\t\t\t<div class=\"e-hotspot elementor-repeater-item-e04e4c8  e-hotspot--position-left e-hotspot--position-top   e-hotspot--circle\">\n\n\t\t\t\t\t\t\t\t<div class=\"e-hotspot__button e-hotspot--expand\">\n\t\t\t\t\t\t\t\t\t\t\t<div class=\"e-hotspot__outer-circle\"><\/div>\n\t\t\t\t\t\t<div class=\"e-hotspot__inner-circle\"><\/div>\n\t\t\t\t\t\t\t\t\t<\/div>\n\n\t\t\t\t\t\t\t\t\t\t\t\t\t\t\t\t\t\t<div class=\"e-hotspot__tooltip  e-hotspot--tooltip-position e-hotspot--fade-in-out \" >\n\t\t\t\t\t\t<p>Le labyrinthe bleu turquoise au-dessus du \u00ab A \u00bb repr\u00e9sente le cheminement vers le bien-\u00eatre mental.<\/p>\t\t\t\t\t<\/div>\n\t\t\t\t\t\t\t\t\t\n\t\t\t<\/div>\n\n\t\n\t\t\t\t\t\t<div class=\"e-hotspot elementor-repeater-item-9bfd2f8  e-hotspot--position-left e-hotspot--position-top   e-hotspot--circle\">\n\n\t\t\t\t\t\t\t\t<div class=\"e-hotspot__button e-hotspot--expand\">\n\t\t\t\t\t\t\t\t\t\t\t<div class=\"e-hotspot__outer-circle\"><\/div>\n\t\t\t\t\t\t<div class=\"e-hotspot__inner-circle\"><\/div>\n\t\t\t\t\t\t\t\t\t<\/div>\n\n\t\t\t\t\t\t\t\t\t\t\t\t\t\t\t\t\t\t<div class=\"e-hotspot__tooltip  e-hotspot--tooltip-position e-hotspot--fade-in-out \" >\n\t\t\t\t\t\t<p>La bulle de dialogue jaune au-dessus du \u00ab M \u00bb symbolise un espace s\u00fbr o\u00f9 parler ouvertement de sant\u00e9 mentale et de l\u2019usage de substances.<\/p>\t\t\t\t\t<\/div>\n\t\t\t\t\t\t\t\t\t\n\t\t\t<\/div>\n\n\t\n\t\t\t\t\t\t<div class=\"e-hotspot elementor-repeater-item-9f8b385  e-hotspot--position-left e-hotspot--position-top   e-hotspot--circle\">\n\n\t\t\t\t\t\t\t\t<div class=\"e-hotspot__button e-hotspot--expand\">\n\t\t\t\t\t\t\t\t\t\t\t<div class=\"e-hotspot__outer-circle\"><\/div>\n\t\t\t\t\t\t<div class=\"e-hotspot__inner-circle\"><\/div>\n\t\t\t\t\t\t\t\t\t<\/div>\n\n\t\t\t\t\t\t\t\t\t\t\t\t\t\t\t\t\t\t<div class=\"e-hotspot__tooltip  e-hotspot--tooltip-position e-hotspot--fade-in-out \" >\n\t\t\t\t\t\t<p>Le pont au-dessus du \u00ab ANI \u00bb \u00e9voque \u00e0 la fois la connexion et le d\u00e9passement des obstacles, illustrant l\u2019engagement d\u2019AMANI \u00e0 soutenir les jeunes et les familles noires dans leurs parcours li\u00e9s \u00e0 la sant\u00e9 mentale et \u00e0 l\u2019usage de substances.<\/p>\t\t\t\t\t<\/div>\n\t\t\t\t\t\t\t\t\t\n\t\t\t<\/div>\n\n\t\n\t\t\t\t\t\t<div class=\"e-hotspot elementor-repeater-item-b63c6d6  e-hotspot--position-left e-hotspot--position-top   e-hotspot--circle\">\n\n\t\t\t\t\t\t\t\t<div class=\"e-hotspot__button e-hotspot--expand\">\n\t\t\t\t\t\t\t\t\t\t\t<div class=\"e-hotspot__outer-circle\"><\/div>\n\t\t\t\t\t\t<div class=\"e-hotspot__inner-circle\"><\/div>\n\t\t\t\t\t\t\t\t\t<\/div>\n\n\t\t\t\t\t\t\t\t\t\t\t\t\t\t\t\t\t\t<div class=\"e-hotspot__tooltip  e-hotspot--tooltip-position e-hotspot--fade-in-out \" >\n\t\t\t\t\t\t<p>Les triangles repr\u00e9sentent la force et la stabilit\u00e9 qu\u2019offre le sentiment d\u2019appartenance \u00e0 une communaut\u00e9 \u2014 des \u00e9l\u00e9ments souvent utilis\u00e9s pour b\u00e2tir les ponts les plus solides.<\/p>\t\t\t\t\t<\/div>\n\t\t\t\t\t\t\t\t\t\n\t\t\t<\/div>\n\n\t\n\t\t\t\t\t\t<\/div>\n\t\t\t\t<\/div>\n\t\t<div class=\"elementor-element elementor-element-f4e1cc9 e-flex e-con-boxed e-con e-child\" data-id=\"f4e1cc9\" data-element_type=\"container\" data-e-type=\"container\" data-settings=\"{&quot;background_background&quot;:&quot;classic&quot;}\">\n\t\t\t\t\t<div class=\"e-con-inner\">\n\t\t\t\t<div class=\"elementor-element elementor-element-029f1a0 elementor-widget elementor-widget-heading\" data-id=\"029f1a0\" data-element_type=\"widget\" data-e-type=\"widget\" data-widget_type=\"heading.default\">\n\t\t\t\t<div class=\"elementor-widget-container\">\n\t\t\t\t\t<h2 class=\"elementor-heading-title elementor-size-default\">\u00ab AMANI \u00bb est le mot swahili qui signifie \u00ab paix \u00bb et le mot arabe qui signifie \u00ab souhaits \u00bb.<\/h2>\t\t\t\t<\/div>\n\t\t\t\t<\/div>\n\t\t\t\t\t<\/div>\n\t\t\t\t<\/div>\n\t\t\t\t<\/div>\n\t\t\t\t\t<\/div>\n\t\t\t\t<\/div>\n\t\t<div class=\"elementor-element elementor-element-3fc2b1e e-flex e-con-boxed e-con e-parent\" data-id=\"3fc2b1e\" data-element_type=\"container\" data-e-type=\"container\" data-settings=\"{&quot;background_background&quot;:&quot;classic&quot;}\">\n\t\t\t\t\t<div class=\"e-con-inner\">\n\t\t<div class=\"elementor-element elementor-element-c802f8d e-con-full e-flex e-con e-child\" data-id=\"c802f8d\" data-element_type=\"container\" data-e-type=\"container\" data-settings=\"{&quot;background_background&quot;:&quot;classic&quot;}\">\n\t\t\t\t<div class=\"elementor-element elementor-element-172f1a8 elementor-widget elementor-widget-text-editor\" data-id=\"172f1a8\" data-element_type=\"widget\" data-e-type=\"widget\" data-widget_type=\"text-editor.default\">\n\t\t\t\t<div class=\"elementor-widget-container\">\n\t\t\t\t\t\t\t\t\t<p>Les jeunes Noirs et les fournisseurs de services ayant particip\u00e9 \u00e0 la refonte de notre image de marque ont estim\u00e9 qu\u2019il \u00e9tait important de mettre en lumi\u00e8re le lien entre AMANI et les communaut\u00e9s noires de l\u2019Ontario, \u00e0 travers un nom qui incarne nos valeurs afrocentriques * et notre engagement \u00e0 offrir des soins holistiques et culturellement adapt\u00e9s.<\/p>\t\t\t\t\t\t\t\t<\/div>\n\t\t\t\t<\/div>\n\t\t\t\t<\/div>\n\t\t<div class=\"elementor-element elementor-element-f2e79c0 e-con-full e-flex e-con e-child\" data-id=\"f2e79c0\" data-element_type=\"container\" data-e-type=\"container\" data-settings=\"{&quot;background_background&quot;:&quot;classic&quot;}\">\n\t\t\t\t<div class=\"elementor-element elementor-element-a4c770e elementor-widget elementor-widget-text-editor\" data-id=\"a4c770e\" data-element_type=\"widget\" data-e-type=\"widget\" data-widget_type=\"text-editor.default\">\n\t\t\t\t<div class=\"elementor-widget-container\">\n\t\t\t\t\t\t\t\t\t<p>AMANI se veut un espace o\u00f9 les jeunes Noirs, leurs familles et leurs proches aidants peuvent recevoir un soutien pour leur bien-\u00eatre g\u00e9n\u00e9ral, incluant y compris des conseils en mati\u00e8re de sant\u00e9 mentale et en usage de substances, des activit\u00e9s r\u00e9cr\u00e9atives, ainsi que des groupes communautaires pour les jeunes, les familles et les aidants.<\/p>\t\t\t\t\t\t\t\t<\/div>\n\t\t\t\t<\/div>\n\t\t\t\t<\/div>\n\t\t\t\t\t<\/div>\n\t\t\t\t<\/div>\n\t\t<div class=\"elementor-element elementor-element-daca31c e-flex e-con-boxed e-con e-parent\" data-id=\"daca31c\" data-element_type=\"container\" data-e-type=\"container\" data-settings=\"{&quot;background_background&quot;:&quot;classic&quot;}\">\n\t\t\t\t\t<div class=\"e-con-inner\">\n\t\t<div class=\"elementor-element elementor-element-8746ae2 e-con-full e-flex e-con e-child\" data-id=\"8746ae2\" data-element_type=\"container\" data-e-type=\"container\" data-settings=\"{&quot;background_background&quot;:&quot;classic&quot;}\">\n\t\t\t\t<div class=\"elementor-element elementor-element-006fc9c elementor-widget elementor-widget-text-editor\" data-id=\"006fc9c\" data-element_type=\"widget\" data-e-type=\"widget\" data-widget_type=\"text-editor.default\">\n\t\t\t\t<div class=\"elementor-widget-container\">\n\t\t\t\t\t\t\t\t\t<p>*L\u2019afrocentricit\u00e9 d\u00e9signe l\u2019importance, le respect et la dignit\u00e9 accord\u00e9s aux personnes d\u2019ascendance africaine, \u00e0 la diversit\u00e9 des expressions culturelles et des valeurs africaines. Dans un contexte marqu\u00e9 par le racisme et l\u2019oppression syst\u00e9mique, elle affirme le droit des personnes afrodescendantes \u00e0 aspirer \u00e0 l\u2019autod\u00e9termination. Elle reconna\u00eet que l\u2019ascendance commune constitue un lien fondamental entre les populations Africaines, Carib\u00e9ennes et Noires (ACN), qu\u2019elles soient canadiennes depuis plusieurs g\u00e9n\u00e9rations ou qu\u2019elles aient immigr\u00e9 au Canada en provenance d\u2019Afrique, des Cara\u00efbes, d\u2019Am\u00e9rique centrale ou du Sud, d\u2019Angleterre, des \u00c9tats-Unis ou d\u2019ailleurs. Au c\u0153ur de cette approche, l\u2019afrocentricit\u00e9 vise \u00e0 combattre l\u2019histoire complexe du racisme anti-Noir et du colonialisme, et \u00e0 honorer, c\u00e9l\u00e9brer et soutenir les personnes ACN.<\/p>\t\t\t\t\t\t\t\t<\/div>\n\t\t\t\t<\/div>\n\t\t\t\t<\/div>\n\t\t\t\t\t<\/div>\n\t\t\t\t<\/div>\n\t\t<div class=\"elementor-element elementor-element-67fef2c e-flex e-con-boxed e-con e-parent\" data-id=\"67fef2c\" data-element_type=\"container\" data-e-type=\"container\" data-settings=\"{&quot;background_background&quot;:&quot;classic&quot;}\">\n\t\t\t\t\t<div class=\"e-con-inner\">\n\t\t\t\t<div class=\"elementor-element elementor-element-2465f1d elementor-widget__width-initial elementor-widget elementor-widget-heading\" data-id=\"2465f1d\" data-element_type=\"widget\" data-e-type=\"widget\" data-widget_type=\"heading.default\">\n\t\t\t\t<div class=\"elementor-widget-container\">\n\t\t\t\t\t<h2 class=\"elementor-heading-title elementor-size-default\">Mobilisation des jeunes et des communaut\u00e9s<\/h2>\t\t\t\t<\/div>\n\t\t\t\t<\/div>\n\t\t\t\t<div class=\"elementor-element elementor-element-2c005cd elementor-widget__width-initial elementor-widget elementor-widget-text-editor\" data-id=\"2c005cd\" data-element_type=\"widget\" data-e-type=\"widget\" data-widget_type=\"text-editor.default\">\n\t\t\t\t<div class=\"elementor-widget-container\">\n\t\t\t\t\t\t\t\t\t<p>La mobilisation significative des jeunes et des communaut\u00e9s est une valeur cl\u00e9 chez AMANI.<br \/><br \/>Depuis le tout d\u00e9but, les jeunes, leurs familles et leurs communaut\u00e9s font partie int\u00e9grante de notre \u00e9quipe. Le Comit\u00e9 consultatif des jeunes Noirs et le R\u00e9seau en ligne des jeunes Noirs rassemblent plus de 150 jeunes Africains, Carib\u00e9ens et\/ou Noirs \u00e2g\u00e9s de 12 \u00e0 29 ans, provenant de partout en Ontario. Ces jeunes dirigent et soutiennent la mise au point et la refonte d\u2019un syst\u00e8me de soins en sant\u00e9 mentale qui favorise le bien-\u00eatre et r\u00e9pond r\u00e9ellement \u00e0 leurs besoins.<\/p>\t\t\t\t\t\t\t\t<\/div>\n\t\t\t\t<\/div>\n\t\t\t\t\t<\/div>\n\t\t\t\t<\/div>\n\t\t\t\t<\/div>\n\t\t","protected":false},"excerpt":{"rendered":"<p>\u00c0 propos d\u2019AMANI AMANI est le tout premier partenariat canadien entre un h\u00f4pital et des organismes communautaires, d\u00e9di\u00e9 \u00e0 l\u2019am\u00e9lioration des soins pour les jeunes Noirs. AMANI repr\u00e9sente un r\u00e9seau provincial d\u2019organisations en Ontario partageant une vision commune : offrir des programmes et services qui soutiennent et outillent les jeunes s\u2019identifiant comme Africains, Carib\u00e9ens et\/ou [&hellip;]<\/p>\n","protected":false},"author":1,"featured_media":0,"parent":0,"menu_order":0,"comment_status":"closed","ping_status":"closed","template":"","meta":{"_acf_changed":false,"footnotes":""},"class_list":["post-2997","page","type-page","status-publish","hentry"],"acf":[],"_links":{"self":[{"href":"https:\/\/amaniservices.ca\/fr\/wp-json\/wp\/v2\/pages\/2997","targetHints":{"allow":["GET"]}}],"collection":[{"href":"https:\/\/amaniservices.ca\/fr\/wp-json\/wp\/v2\/pages"}],"about":[{"href":"https:\/\/amaniservices.ca\/fr\/wp-json\/wp\/v2\/types\/page"}],"author":[{"embeddable":true,"href":"https:\/\/amaniservices.ca\/fr\/wp-json\/wp\/v2\/users\/1"}],"replies":[{"embeddable":true,"href":"https:\/\/amaniservices.ca\/fr\/wp-json\/wp\/v2\/comments?post=2997"}],"version-history":[{"count":35,"href":"https:\/\/amaniservices.ca\/fr\/wp-json\/wp\/v2\/pages\/2997\/revisions"}],"predecessor-version":[{"id":3436,"href":"https:\/\/amaniservices.ca\/fr\/wp-json\/wp\/v2\/pages\/2997\/revisions\/3436"}],"wp:attachment":[{"href":"https:\/\/amaniservices.ca\/fr\/wp-json\/wp\/v2\/media?parent=2997"}],"curies":[{"name":"wp","href":"https:\/\/api.w.org\/{rel}","templated":true}]}}