{"id":3070,"date":"2025-03-31T19:03:44","date_gmt":"2025-03-31T19:03:44","guid":{"rendered":"https:\/\/amaniservices.ca\/?page_id=3070"},"modified":"2026-04-24T06:01:17","modified_gmt":"2026-04-24T06:01:17","slug":"sante-mentale-et-usage-de-substances","status":"publish","type":"page","link":"https:\/\/amaniservices.ca\/fr\/sante-mentale-et-usage-de-substances\/","title":{"rendered":"Sant\u00e9 mentale et usage de substances"},"content":{"rendered":"<div data-elementor-type=\"wp-page\" data-elementor-id=\"3070\" class=\"elementor elementor-3070\" data-elementor-post-type=\"page\">\n\t\t\t\t<div class=\"elementor-element elementor-element-36a9619 e-flex e-con-boxed e-con e-parent\" data-id=\"36a9619\" data-element_type=\"container\" data-e-type=\"container\" data-settings=\"{&quot;background_background&quot;:&quot;classic&quot;}\">\n\t\t\t\t\t<div class=\"e-con-inner\">\n\t\t<div class=\"elementor-element elementor-element-360a8c0 e-flex e-con-boxed e-con e-child\" data-id=\"360a8c0\" data-element_type=\"container\" data-e-type=\"container\" data-settings=\"{&quot;background_background&quot;:&quot;classic&quot;}\">\n\t\t\t\t\t<div class=\"e-con-inner\">\n\t\t\t\t<div class=\"elementor-element elementor-element-7a78f5e elementor-widget elementor-widget-heading\" data-id=\"7a78f5e\" data-element_type=\"widget\" data-e-type=\"widget\" data-widget_type=\"heading.default\">\n\t\t\t\t<div class=\"elementor-widget-container\">\n\t\t\t\t\t<h2 class=\"elementor-heading-title elementor-size-default\">Programmes et services<\/h2>\t\t\t\t<\/div>\n\t\t\t\t<\/div>\n\t\t\t\t<div class=\"elementor-element elementor-element-4277861 elementor-widget__width-initial elementor-widget elementor-widget-heading\" data-id=\"4277861\" data-element_type=\"widget\" data-e-type=\"widget\" data-widget_type=\"heading.default\">\n\t\t\t\t<div class=\"elementor-widget-container\">\n\t\t\t\t\t<h1 class=\"elementor-heading-title elementor-size-default\">Programme de sant\u00e9 mentale et en usage de substances <\/h1>\t\t\t\t<\/div>\n\t\t\t\t<\/div>\n\t\t\t\t<div class=\"elementor-element elementor-element-ff28e78 elementor-widget-divider--view-line elementor-widget elementor-widget-divider\" data-id=\"ff28e78\" data-element_type=\"widget\" data-e-type=\"widget\" data-widget_type=\"divider.default\">\n\t\t\t\t<div class=\"elementor-widget-container\">\n\t\t\t\t\t\t\t<div class=\"elementor-divider\">\n\t\t\t<span class=\"elementor-divider-separator\">\n\t\t\t\t\t\t<\/span>\n\t\t<\/div>\n\t\t\t\t\t\t<\/div>\n\t\t\t\t<\/div>\n\t\t\t\t\t<\/div>\n\t\t\t\t<\/div>\n\t\t\t\t\t<\/div>\n\t\t\t\t<\/div>\n\t\t<div class=\"elementor-element elementor-element-b43dc2f e-flex e-con-boxed e-con e-parent\" data-id=\"b43dc2f\" data-element_type=\"container\" data-e-type=\"container\" data-settings=\"{&quot;background_background&quot;:&quot;classic&quot;}\">\n\t\t\t\t\t<div class=\"e-con-inner\">\n\t\t<div class=\"elementor-element elementor-element-8e1b438 e-con-full e-flex e-con e-child\" data-id=\"8e1b438\" data-element_type=\"container\" data-e-type=\"container\">\n\t\t\t\t<div class=\"elementor-element elementor-element-1744ca0 elementor-widget__width-initial elementor-widget elementor-widget-image\" data-id=\"1744ca0\" data-element_type=\"widget\" data-e-type=\"widget\" data-widget_type=\"image.default\">\n\t\t\t\t<div class=\"elementor-widget-container\">\n\t\t\t\t\t\t\t\t\t\t\t\t\t\t\t<img fetchpriority=\"high\" decoding=\"async\" width=\"800\" height=\"470\" src=\"https:\/\/amaniservices.ca\/wp-content\/uploads\/2024\/02\/Amplify-banners-FINALS-06-2-1024x602.png\" class=\"attachment-large size-large wp-image-2318\" alt=\"Diverse family smiling together with graphic elements.\" srcset=\"https:\/\/amaniservices.ca\/wp-content\/uploads\/2024\/02\/Amplify-banners-FINALS-06-2-1024x602.png 1024w, https:\/\/amaniservices.ca\/wp-content\/uploads\/2024\/02\/Amplify-banners-FINALS-06-2-300x176.png 300w, https:\/\/amaniservices.ca\/wp-content\/uploads\/2024\/02\/Amplify-banners-FINALS-06-2-768x452.png 768w, https:\/\/amaniservices.ca\/wp-content\/uploads\/2024\/02\/Amplify-banners-FINALS-06-2-1536x904.png 1536w, https:\/\/amaniservices.ca\/wp-content\/uploads\/2024\/02\/Amplify-banners-FINALS-06-2-2048x1205.png 2048w\" sizes=\"(max-width: 800px) 100vw, 800px\" \/>\t\t\t\t\t\t\t\t\t\t\t\t\t\t\t<\/div>\n\t\t\t\t<\/div>\n\t\t\t\t<\/div>\n\t\t<div class=\"elementor-element elementor-element-76800e9 e-flex e-con-boxed e-con e-child\" data-id=\"76800e9\" data-element_type=\"container\" data-e-type=\"container\">\n\t\t\t\t\t<div class=\"e-con-inner\">\n\t\t\t\t<div class=\"elementor-element elementor-element-edada9f elementor-widget elementor-widget-text-editor\" data-id=\"edada9f\" data-element_type=\"widget\" data-e-type=\"widget\" data-widget_type=\"text-editor.default\">\n\t\t\t\t<div class=\"elementor-widget-container\">\n\t\t\t\t\t\t\t\t\t<p>Le programme de sant\u00e9 mentale et d\u2019usage de substances d\u2019AMANI, anciennement connu sous le nom de \u00ab PTTJAC \u00bb (Programme de traitement de la toxicomanie pour les jeunes Afro-Canadiens et Carib\u00e9ens), fournit des soins gratuits et adapt\u00e9s \u00e0 la r\u00e9alit\u00e9 culturelle des jeunes Noirs ainsi que de leurs familles ou proches aidants ayant besoin de soutien en sant\u00e9 mentale et\/ou en lien avec l\u2019usage de substances.<\/p>\t\t\t\t\t\t\t\t<\/div>\n\t\t\t\t<\/div>\n\t\t\t\t<div class=\"elementor-element elementor-element-a9a1602 elementor-widget elementor-widget-text-editor\" data-id=\"a9a1602\" data-element_type=\"widget\" data-e-type=\"widget\" data-widget_type=\"text-editor.default\">\n\t\t\t\t<div class=\"elementor-widget-container\">\n\t\t\t\t\t\t\t\t\t<p>Notre programme vise \u00e0 am\u00e9liorer le bien-\u00eatre mental des jeunes Noirs et de leurs familles\/proches aidants en leur assurant un acc\u00e8s \u00e9quitable aux services et soutiens en sant\u00e9 mentale et en usage de substances, lorsque cela est n\u00e9cessaire.<\/p>\t\t\t\t\t\t\t\t<\/div>\n\t\t\t\t<\/div>\n\t\t\t\t\t<\/div>\n\t\t\t\t<\/div>\n\t\t\t\t\t<\/div>\n\t\t\t\t<\/div>\n\t\t<div class=\"elementor-element elementor-element-b4c59b9 e-flex e-con-boxed e-con e-parent\" data-id=\"b4c59b9\" data-element_type=\"container\" data-e-type=\"container\" data-settings=\"{&quot;background_background&quot;:&quot;classic&quot;}\">\n\t\t\t\t\t<div class=\"e-con-inner\">\n\t\t<div class=\"elementor-element elementor-element-d6757e5 e-con-full e-flex e-con e-child\" data-id=\"d6757e5\" data-element_type=\"container\" data-e-type=\"container\">\n\t\t\t\t<div class=\"elementor-element elementor-element-b6766f6 elementor-widget__width-initial elementor-widget elementor-widget-heading\" data-id=\"b6766f6\" data-element_type=\"widget\" data-e-type=\"widget\" data-widget_type=\"heading.default\">\n\t\t\t\t<div class=\"elementor-widget-container\">\n\t\t\t\t\t<h2 class=\"elementor-heading-title elementor-size-default\">Nos Services<\/h2>\t\t\t\t<\/div>\n\t\t\t\t<\/div>\n\t\t\t\t<div class=\"elementor-element elementor-element-204a368 elementor-widget__width-initial elementor-widget elementor-widget-text-editor\" data-id=\"204a368\" data-element_type=\"widget\" data-e-type=\"widget\" data-widget_type=\"text-editor.default\">\n\t\t\t\t<div class=\"elementor-widget-container\">\n\t\t\t\t\t\t\t\t\t<p>Notre programme vise \u00e0 am\u00e9liorer le bien-\u00eatre mental des jeunes Noirs et de leurs familles\/proches aidants en leur assurant un acc\u00e8s \u00e9quitable aux services et soutiens en sant\u00e9 mentale et en usage de substances, lorsque cela est n\u00e9cessaire.<\/p><p><strong>D\u00e9couvrez ci-dessous les services propos\u00e9s dans le cadre de notre programme en sant\u00e9 mentale et en usage de substances.<\/strong><\/p>\t\t\t\t\t\t\t\t<\/div>\n\t\t\t\t<\/div>\n\t\t<div class=\"elementor-element elementor-element-6b5f0c6 e-flex e-con-boxed e-con e-child\" data-id=\"6b5f0c6\" data-element_type=\"container\" data-e-type=\"container\">\n\t\t\t\t\t<div class=\"e-con-inner\">\n\t\t<div class=\"elementor-element elementor-element-e1e8d2e e-con-full e-flex e-con e-child\" data-id=\"e1e8d2e\" data-element_type=\"container\" data-e-type=\"container\">\n\t\t\t\t<div class=\"elementor-element elementor-element-07a5f8b elementor-widget__width-initial elementor-widget elementor-widget-eael-adv-accordion\" data-id=\"07a5f8b\" data-element_type=\"widget\" data-e-type=\"widget\" data-widget_type=\"eael-adv-accordion.default\">\n\t\t\t\t<div class=\"elementor-widget-container\">\n\t\t\t\t\t            <div class=\"eael-adv-accordion\" id=\"eael-adv-accordion-07a5f8b\" data-scroll-on-click=\"no\" data-scroll-speed=\"300\" data-accordion-id=\"07a5f8b\" data-accordion-type=\"accordion\" data-toogle-speed=\"300\">\n            <div class=\"eael-accordion-list\">\n\t\t\t\t\t<div id=\"valuation-et-planification-du-traitement\" class=\"elementor-tab-title eael-accordion-header\" tabindex=\"0\" data-tab=\"1\" aria-controls=\"elementor-tab-content-8011\"><span class=\"eael-accordion-tab-title\">\u00c9valuation et planification du traitement<\/span><i aria-hidden=\"true\" class=\"fa-toggle fas fa-angle-right\"><\/i><\/div><div id=\"elementor-tab-content-8011\" class=\"eael-accordion-content clearfix\" data-tab=\"1\" aria-labelledby=\"valuation-et-planification-du-traitement\" data-no-translation=\"\" data-trp-gettext=\"\"><p>Ce processus nous permet de mieux comprendre les d\u00e9fis en sant\u00e9 mentale auxquels vous pourriez \u00eatre confront\u00e9\u00b7e, afin de d\u00e9finir ensemble des objectifs et des activit\u00e9s adapt\u00e9es. Lors de votre \u00e9valuation, nous examinerons les facteurs biologiques, psychologiques, culturels et sociaux qui influencent votre sant\u00e9 mentale et votre relation avec les substances. Cela nous permettra d\u2019\u00e9laborer un plan de traitement qui favorise votre d\u00e9veloppement personnel et votre bien-\u00eatre.<\/p><\/div>\n\t\t\t\t\t<\/div><div class=\"eael-accordion-list\">\n\t\t\t\t\t<div id=\"soutien-psychologique\" class=\"elementor-tab-title eael-accordion-header\" tabindex=\"0\" data-tab=\"2\" aria-controls=\"elementor-tab-content-8012\"><span class=\"eael-accordion-tab-title\">Soutien psychologique<\/span><i aria-hidden=\"true\" class=\"fa-toggle fas fa-angle-right\"><\/i><\/div><div id=\"elementor-tab-content-8012\" class=\"eael-accordion-content clearfix\" data-tab=\"2\" aria-labelledby=\"soutien-psychologique\" data-no-translation=\"\" data-trp-gettext=\"\"><p>Une approche fond\u00e9e sur la parole qui permet d\u2019explorer les difficult\u00e9s que vous rencontrez, de r\u00e9aliser des \u00e9valuations, de fixer des objectifs, de trouver des strat\u00e9gies pour y faire face, et de vous offrir des ressources et des informations sur la sant\u00e9 mentale.<\/p><\/div>\n\t\t\t\t\t<\/div><div class=\"eael-accordion-list\">\n\t\t\t\t\t<div id=\"psychothrapie\" class=\"elementor-tab-title eael-accordion-header\" tabindex=\"0\" data-tab=\"3\" aria-controls=\"elementor-tab-content-8013\"><span class=\"eael-accordion-tab-title\">Psychoth\u00e9rapie<\/span><i aria-hidden=\"true\" class=\"fa-toggle fas fa-angle-right\"><\/i><\/div><div id=\"elementor-tab-content-8013\" class=\"eael-accordion-content clearfix\" data-tab=\"3\" aria-labelledby=\"psychothrapie\" data-no-translation=\"\" data-trp-gettext=\"\"><p>Une forme sp\u00e9cifique de th\u00e9rapie bas\u00e9e sur la parole, utilisant des approches \u00e9prouv\u00e9es et efficaces pour am\u00e9liorer le bien-\u00eatre mental. Elle est particuli\u00e8rement utile pour les personnes dont les difficult\u00e9s \u00e9motionnelles ou psychologiques ont un impact n\u00e9gatif sur leur vie quotidienne et leurs relations sociales.<\/p><\/div>\n\t\t\t\t\t<\/div><div class=\"eael-accordion-list\">\n\t\t\t\t\t<div id=\"psychiatrie\" class=\"elementor-tab-title eael-accordion-header\" tabindex=\"0\" data-tab=\"4\" aria-controls=\"elementor-tab-content-8014\"><span class=\"eael-accordion-tab-title\">Psychiatrie<\/span><i aria-hidden=\"true\" class=\"fa-toggle fas fa-angle-right\"><\/i><\/div><div id=\"elementor-tab-content-8014\" class=\"eael-accordion-content clearfix\" data-tab=\"4\" aria-labelledby=\"psychiatrie\" data-no-translation=\"\" data-trp-gettext=\"\"><p>\u00c9tablir un diagnostic (identifier un trouble mental, \u00e9motionnel ou comportemental potentiel) et proposer un traitement adapt\u00e9 \u00e0 vos sympt\u00f4mes. Cela comprend \u00e9galement la prescription de m\u00e9dicaments et le suivi de leur efficacit\u00e9.<\/p><\/div>\n\t\t\t\t\t<\/div><\/div>\t\t\t\t<\/div>\n\t\t\t\t<\/div>\n\t\t\t\t<\/div>\n\t\t<div class=\"elementor-element elementor-element-b8ea38c e-flex e-con-boxed e-con e-child\" data-id=\"b8ea38c\" data-element_type=\"container\" data-e-type=\"container\">\n\t\t\t\t\t<div class=\"e-con-inner\">\n\t\t\t\t<div class=\"elementor-element elementor-element-9ac1b44 elementor-widget__width-initial elementor-widget elementor-widget-eael-adv-accordion\" data-id=\"9ac1b44\" data-element_type=\"widget\" data-e-type=\"widget\" data-widget_type=\"eael-adv-accordion.default\">\n\t\t\t\t<div class=\"elementor-widget-container\">\n\t\t\t\t\t            <div class=\"eael-adv-accordion\" id=\"eael-adv-accordion-9ac1b44\" data-scroll-on-click=\"no\" data-scroll-speed=\"300\" data-accordion-id=\"9ac1b44\" data-accordion-type=\"accordion\" data-toogle-speed=\"300\">\n            <div class=\"eael-accordion-list\">\n\t\t\t\t\t<div id=\"thrapie-de-groupe\" class=\"elementor-tab-title eael-accordion-header\" tabindex=\"0\" data-tab=\"1\" aria-controls=\"elementor-tab-content-1621\"><span class=\"eael-accordion-tab-title\">Th\u00e9rapie de groupe<\/span><i aria-hidden=\"true\" class=\"fa-toggle fas fa-angle-right\"><\/i><\/div><div id=\"elementor-tab-content-1621\" class=\"eael-accordion-content clearfix\" data-tab=\"1\" aria-labelledby=\"thrapie-de-groupe\" data-no-translation=\"\" data-trp-gettext=\"\"><p>Une forme de psychoth\u00e9rapie o\u00f9 un ou plusieurs th\u00e9rapeutes qualifi\u00e9s accompagnent un groupe de personnes partageant des objectifs similaires. La th\u00e9rapie de groupe peut soulager la d\u00e9tresse en permettant aux participants de parler, d\u2019exprimer leurs \u00e9motions, de modifier certaines attitudes, comportements ou habitudes nuisibles, et de favoriser de nouvelles fa\u00e7ons positives de prendre soin de sa sant\u00e9 mentale. Certains groupes peuvent aussi se concentrer sur la transmission d\u2019informations sur des enjeux pr\u00e9cis ou l\u2019enseignement de techniques d\u2019adaptation.<\/p><\/div>\n\t\t\t\t\t<\/div><div class=\"eael-accordion-list\">\n\t\t\t\t\t<div id=\"groupes-de-soutien-pour-les-aidants\" class=\"elementor-tab-title eael-accordion-header\" tabindex=\"0\" data-tab=\"2\" aria-controls=\"elementor-tab-content-1622\"><span class=\"eael-accordion-tab-title\">Groupes de soutien pour les aidants<\/span><i aria-hidden=\"true\" class=\"fa-toggle fas fa-angle-right\"><\/i><\/div><div id=\"elementor-tab-content-1622\" class=\"eael-accordion-content clearfix\" data-tab=\"2\" aria-labelledby=\"groupes-de-soutien-pour-les-aidants\" data-no-translation=\"\" data-trp-gettext=\"\"><p>Des programmes de groupe qui offrent du soutien et de l\u2019information aux aidants et\/ou aux membres de la famille de jeunes Noirs rencontrant des probl\u00e8mes de sant\u00e9 mentale ou d\u2019usage de substances.<\/p><\/div>\n\t\t\t\t\t<\/div><div class=\"eael-accordion-list\">\n\t\t\t\t\t<div id=\"gestion-de-cas-et-orientation-dans-les-services\" class=\"elementor-tab-title eael-accordion-header\" tabindex=\"0\" data-tab=\"3\" aria-controls=\"elementor-tab-content-1623\"><span class=\"eael-accordion-tab-title\">Gestion de cas et orientation dans les services<\/span><i aria-hidden=\"true\" class=\"fa-toggle fas fa-angle-right\"><\/i><\/div><div id=\"elementor-tab-content-1623\" class=\"eael-accordion-content clearfix\" data-tab=\"3\" aria-labelledby=\"gestion-de-cas-et-orientation-dans-les-services\" data-no-translation=\"\" data-trp-gettext=\"\"><p>Une approche collaborative et structur\u00e9e o\u00f9 les prestataires de services travaillent avec avec les personnes concern\u00e9es pour faciliter l\u2019acc\u00e8s aux services sociaux et s\u2019assurer qu\u2019elles re\u00e7oivent les services et le soutien n\u00e9cessaires pour avancer vers leurs objectifs.<\/p><\/div>\n\t\t\t\t\t<\/div><div class=\"eael-accordion-list\">\n\t\t\t\t\t<div id=\"promotion-de-la-sant-mentale\" class=\"elementor-tab-title eael-accordion-header\" tabindex=\"0\" data-tab=\"4\" aria-controls=\"elementor-tab-content-1624\"><span class=\"eael-accordion-tab-title\">Promotion de la sant\u00e9 mentale<\/span><i aria-hidden=\"true\" class=\"fa-toggle fas fa-angle-right\"><\/i><\/div><div id=\"elementor-tab-content-1624\" class=\"eael-accordion-content clearfix\" data-tab=\"4\" aria-labelledby=\"promotion-de-la-sant-mentale\" data-no-translation=\"\" data-trp-gettext=\"\"><p>Des programmes et activit\u00e9s qui s\u2019attaquent aux facteurs ayant un impact sur la sant\u00e9 mentale (logement, finances, ins\u00e9curit\u00e9 alimentaire, racisme, etc.), dans le but de r\u00e9duire les obstacles et d\u2019am\u00e9liorer la sant\u00e9 mentale des jeunes Noirs, de leurs familles, des aidants et des communaut\u00e9s.<\/p><\/div>\n\t\t\t\t\t<\/div><\/div>\t\t\t\t<\/div>\n\t\t\t\t<\/div>\n\t\t\t\t\t<\/div>\n\t\t\t\t<\/div>\n\t\t\t\t\t<\/div>\n\t\t\t\t<\/div>\n\t\t\t\t<div class=\"elementor-element elementor-element-61ff3e0 elementor-widget__width-initial elementor-widget elementor-widget-text-editor\" data-id=\"61ff3e0\" data-element_type=\"widget\" data-e-type=\"widget\" data-widget_type=\"text-editor.default\">\n\t\t\t\t<div class=\"elementor-widget-container\">\n\t\t\t\t\t\t\t\t\t<h4 style=\"text-align: center;\">Pour savoir quels services vous seront les plus utiles,<\/h4>\t\t\t\t\t\t\t\t<\/div>\n\t\t\t\t<\/div>\n\t\t\t\t<div class=\"elementor-element elementor-element-604813f elementor-align-center elementor-widget__width-inherit elementor-widget elementor-widget-button\" data-id=\"604813f\" data-element_type=\"widget\" data-e-type=\"widget\" data-widget_type=\"button.default\">\n\t\t\t\t<div class=\"elementor-widget-container\">\n\t\t\t\t\t\t\t\t\t<div class=\"elementor-button-wrapper\">\n\t\t\t\t\t<a class=\"elementor-button elementor-button-link elementor-size-sm elementor-animation-float\" href=\"https:\/\/amaniservices.ca\/fr\/nous-contacter\/\">\n\t\t\t\t\t\t<span class=\"elementor-button-content-wrapper\">\n\t\t\t\t\t\t\t\t\t<span class=\"elementor-button-text\">Contactez l\u2019un de nos sites partenaires<\/span>\n\t\t\t\t\t<\/span>\n\t\t\t\t\t<\/a>\n\t\t\t\t<\/div>\n\t\t\t\t\t\t\t\t<\/div>\n\t\t\t\t<\/div>\n\t\t\t\t<\/div>\n\t\t\t\t\t<\/div>\n\t\t\t\t<\/div>\n\t\t<div class=\"elementor-element elementor-element-5e735cd e-flex e-con-boxed e-con e-parent\" data-id=\"5e735cd\" data-element_type=\"container\" data-e-type=\"container\" data-settings=\"{&quot;background_background&quot;:&quot;classic&quot;}\">\n\t\t\t\t\t<div class=\"e-con-inner\">\n\t\t\t\t<div class=\"elementor-element elementor-element-1407fc1 elementor-widget elementor-widget-heading\" data-id=\"1407fc1\" data-element_type=\"widget\" data-e-type=\"widget\" data-widget_type=\"heading.default\">\n\t\t\t\t<div class=\"elementor-widget-container\">\n\t\t\t\t\t<h3 class=\"elementor-heading-title elementor-size-default\">Sites du programme<\/h3>\t\t\t\t<\/div>\n\t\t\t\t<\/div>\n\t\t\t\t<div class=\"elementor-element elementor-element-109d0c5 elementor-widget__width-initial elementor-widget elementor-widget-text-editor\" data-id=\"109d0c5\" data-element_type=\"widget\" data-e-type=\"widget\" data-widget_type=\"text-editor.default\">\n\t\t\t\t<div class=\"elementor-widget-container\">\n\t\t\t\t\t\t\t\t\t<p>Le Programme de sant\u00e9 mentale et d\u2019usage de substances est offert dans huit sites r\u00e9partis \u00e0 Toronto, Peel, Ottawa, Hamilton et Windsor.<\/p>\t\t\t\t\t\t\t\t<\/div>\n\t\t\t\t<\/div>\n\t\t\t\t<div class=\"elementor-element elementor-element-b476b29 elementor-widget__width-initial elementor-widget-mobile__width-initial elementor-widget elementor-widget-text-editor\" data-id=\"b476b29\" data-element_type=\"widget\" data-e-type=\"widget\" data-widget_type=\"text-editor.default\">\n\t\t\t\t<div class=\"elementor-widget-container\">\n\t\t\t\t\t\t\t\t\t<p>Les jeunes peuvent s\u2019y rendre de leur propre initiative ou \u00eatre orient\u00e9s par des professionnels de la sant\u00e9 ou des services sociaux.<br \/><br \/><strong><span style=\"text-decoration: underline;\">Contactez le site le plus proche de chez vous en utilisant les coordonn\u00e9es ci-dessous.<\/span><\/strong><\/p>\t\t\t\t\t\t\t\t<\/div>\n\t\t\t\t<\/div>\n\t\t<div class=\"elementor-element elementor-element-d8bb75c e-flex e-con-boxed e-con e-child\" data-id=\"d8bb75c\" data-element_type=\"container\" data-e-type=\"container\">\n\t\t\t\t\t<div class=\"e-con-inner\">\n\t\t\t\t<div class=\"elementor-element elementor-element-71016c3 elementor-widget elementor-widget-accordion\" data-id=\"71016c3\" data-element_type=\"widget\" data-e-type=\"widget\" data-widget_type=\"accordion.default\">\n\t\t\t\t<div class=\"elementor-widget-container\">\n\t\t\t\t\t\t\t<div class=\"elementor-accordion\">\n\t\t\t\t\t\t\t<div class=\"elementor-accordion-item\">\n\t\t\t\t\t<div id=\"elementor-tab-title-1181\" class=\"elementor-tab-title\" data-tab=\"1\" role=\"button\" aria-controls=\"elementor-tab-content-1181\" aria-expanded=\"false\">\n\t\t\t\t\t\t\t\t\t\t\t\t\t<span class=\"elementor-accordion-icon elementor-accordion-icon-right\" aria-hidden=\"true\">\n\t\t\t\t\t\t\t\t\t\t\t\t\t\t\t<span class=\"elementor-accordion-icon-closed\"><i class=\"fas fa-chevron-down\"><\/i><\/span>\n\t\t\t\t\t\t\t\t<span class=\"elementor-accordion-icon-opened\"><i class=\"fas fa-chevron-up\"><\/i><\/span>\n\t\t\t\t\t\t\t\t\t\t\t\t\t\t<\/span>\n\t\t\t\t\t\t\t\t\t\t\t\t<a class=\"elementor-accordion-title\" tabindex=\"0\">Etobicoke<\/a>\n\t\t\t\t\t<\/div>\n\t\t\t\t\t<div id=\"elementor-tab-content-1181\" class=\"elementor-tab-content elementor-clearfix\" data-tab=\"1\" role=\"region\" aria-labelledby=\"elementor-tab-title-1181\" data-no-translation=\"\" data-trp-gettext=\"\"><ul><li style=\"font-weight: 400;\" aria-level=\"1\"><a href=\"https:\/\/www.camh.ca\/en\/patients-and-families\/programs-and-services\/amani-mental-health-and-substance-use-program\"><span style=\"font-weight: 400;\">Le Centre de sant\u00e9 communautaire Rexdale compte trois sites :<\/span><\/a><ul><li style=\"font-weight: 400;\" aria-level=\"2\"><a href=\"https:\/\/www.camh.ca\/en\/patients-and-families\/programs-and-services\/amani-mental-health-and-substance-use-program\"><span style=\"font-weight: 400;\">Bureau principal du CSC de Rexdale (8 Taber Road, Etobicoke, ON, M9W\u00a03A4)<\/span><\/a><\/li><li style=\"font-weight: 400;\" aria-level=\"2\"><a href=\"https:\/\/www.camh.ca\/en\/patients-and-families\/programs-and-services\/amani-mental-health-and-substance-use-program\"><span style=\"font-weight: 400;\">P\u00f4le du CSC de Rexdale (15-21 Panorama Court, Etobicoke, ON, M9V\u00a04E3)<\/span><\/a><\/li><li style=\"font-weight: 400;\" aria-level=\"2\"><a href=\"https:\/\/www.camh.ca\/en\/patients-and-families\/programs-and-services\/amani-mental-health-and-substance-use-program\"><span style=\"font-weight: 400;\">Bureau Dixon (301-222 Dixon Road, Etobicoke, ON, M9P 3S5)<\/span><\/a><\/li><\/ul><\/li><\/ul><p><a href=\"https:\/\/www.camh.ca\/en\/patients-and-families\/programs-and-services\/amani-mental-health-and-substance-use-program\"><span style=\"font-weight: 400;\"><br \/>Pour en savoir plus sur le programme ou pour prendre rendez-vous, appelez le 416-744-0066 et appuyez sur 1, option 1.<\/span><\/a><\/p><p><a href=\"https:\/\/www.camh.ca\/en\/patients-and-families\/programs-and-services\/amani-mental-health-and-substance-use-program\">Instagram |<\/a> Facebook<\/p><\/div>\n\t\t\t\t<\/div>\n\t\t\t\t\t\t\t<div class=\"elementor-accordion-item\">\n\t\t\t\t\t<div id=\"elementor-tab-title-1182\" class=\"elementor-tab-title\" data-tab=\"2\" role=\"button\" aria-controls=\"elementor-tab-content-1182\" aria-expanded=\"false\">\n\t\t\t\t\t\t\t\t\t\t\t\t\t<span class=\"elementor-accordion-icon elementor-accordion-icon-right\" aria-hidden=\"true\">\n\t\t\t\t\t\t\t\t\t\t\t\t\t\t\t<span class=\"elementor-accordion-icon-closed\"><i class=\"fas fa-chevron-down\"><\/i><\/span>\n\t\t\t\t\t\t\t\t<span class=\"elementor-accordion-icon-opened\"><i class=\"fas fa-chevron-up\"><\/i><\/span>\n\t\t\t\t\t\t\t\t\t\t\t\t\t\t<\/span>\n\t\t\t\t\t\t\t\t\t\t\t\t<a class=\"elementor-accordion-title\" tabindex=\"0\">Hamilton<\/a>\n\t\t\t\t\t<\/div>\n\t\t\t\t\t<div id=\"elementor-tab-content-1182\" class=\"elementor-tab-content elementor-clearfix\" data-tab=\"2\" role=\"region\" aria-labelledby=\"elementor-tab-title-1182\" data-no-translation=\"\" data-trp-gettext=\"\"><p><strong><a href=\"https:\/\/hucchc.com\/black-health-program\">Centre de sant\u00e9 communautaire Hamilton Urban Core<\/a><br \/><\/strong><span style=\"font-weight: 400;\">181, rue Main Ouest, Hamilton (Ontario) L8P 4Y4<\/span><\/p><p><span style=\"font-weight: 400;\">Pour plus d\u2019informations ou pour prendre rendez-vous, appelez le 905-522-3233.<\/span><\/p><p><a href=\"https:\/\/www.instagram.com\/hamiltonurbancore\/?hl=en\">Instagram<\/a> | <a href=\"https:\/\/www.facebook.com\/HamiltonUrbanCoreCommunityHealthCentre\/\">Facebook<\/a><\/p><\/div>\n\t\t\t\t<\/div>\n\t\t\t\t\t\t\t<div class=\"elementor-accordion-item\">\n\t\t\t\t\t<div id=\"elementor-tab-title-1183\" class=\"elementor-tab-title\" data-tab=\"3\" role=\"button\" aria-controls=\"elementor-tab-content-1183\" aria-expanded=\"false\">\n\t\t\t\t\t\t\t\t\t\t\t\t\t<span class=\"elementor-accordion-icon elementor-accordion-icon-right\" aria-hidden=\"true\">\n\t\t\t\t\t\t\t\t\t\t\t\t\t\t\t<span class=\"elementor-accordion-icon-closed\"><i class=\"fas fa-chevron-down\"><\/i><\/span>\n\t\t\t\t\t\t\t\t<span class=\"elementor-accordion-icon-opened\"><i class=\"fas fa-chevron-up\"><\/i><\/span>\n\t\t\t\t\t\t\t\t\t\t\t\t\t\t<\/span>\n\t\t\t\t\t\t\t\t\t\t\t\t<a class=\"elementor-accordion-title\" tabindex=\"0\">North York<\/a>\n\t\t\t\t\t<\/div>\n\t\t\t\t\t<div id=\"elementor-tab-content-1183\" class=\"elementor-tab-content elementor-clearfix\" data-tab=\"3\" role=\"region\" aria-labelledby=\"elementor-tab-title-1183\" data-no-translation=\"\" data-trp-gettext=\"\"><p><strong><a href=\"https:\/\/cafcan.org\/amani-mental-health-and-substance-use-services-for-black-youth\/\">Les services sociaux Afro-canadiens des Cara\u00efbes<\/a><br \/><\/strong><span style=\"font-weight: 400;\">995, chemin Arrow, North York, ON, M9M 2Z5<\/span><\/p><p>Pour plus d\u2019informations ou pour prendre rendez-vous, appelez le 1-877-906-0667 ext 122\u00a0ou envoyez un courriel \u00e0 <a style=\"font-weight: 400;\" href=\"mailto:info@cafcan.org\">info@cafcan.org<\/a><\/p><p><a href=\"https:\/\/www.instagram.com\/cafcansocialservices\/?locale=us\">Instagram<\/a> | <a href=\"https:\/\/www.facebook.com\/CAFCANSocialServices\/\">Facebook<\/a><\/p><\/div>\n\t\t\t\t<\/div>\n\t\t\t\t\t\t\t<div class=\"elementor-accordion-item\">\n\t\t\t\t\t<div id=\"elementor-tab-title-1184\" class=\"elementor-tab-title\" data-tab=\"4\" role=\"button\" aria-controls=\"elementor-tab-content-1184\" aria-expanded=\"false\">\n\t\t\t\t\t\t\t\t\t\t\t\t\t<span class=\"elementor-accordion-icon elementor-accordion-icon-right\" aria-hidden=\"true\">\n\t\t\t\t\t\t\t\t\t\t\t\t\t\t\t<span class=\"elementor-accordion-icon-closed\"><i class=\"fas fa-chevron-down\"><\/i><\/span>\n\t\t\t\t\t\t\t\t<span class=\"elementor-accordion-icon-opened\"><i class=\"fas fa-chevron-up\"><\/i><\/span>\n\t\t\t\t\t\t\t\t\t\t\t\t\t\t<\/span>\n\t\t\t\t\t\t\t\t\t\t\t\t<a class=\"elementor-accordion-title\" tabindex=\"0\">Ottawa<\/a>\n\t\t\t\t\t<\/div>\n\t\t\t\t\t<div id=\"elementor-tab-content-1184\" class=\"elementor-tab-content elementor-clearfix\" data-tab=\"4\" role=\"region\" aria-labelledby=\"elementor-tab-title-1184\" data-no-translation=\"\" data-trp-gettext=\"\"><p><strong><a href=\"https:\/\/www.upstreamottawa.ca\/services\/blank-1\">Soutien communautaire en sant\u00e9 mentale<\/a><br \/><\/strong><span style=\"font-weight: 400;\">204-100, promenade Craig Henry, Nepean, ON, K2G 5W3<\/span><\/p><p><span style=\"font-weight: 400;\">Pour plus d\u2019informations, appelez le 613-248-3330 ou envoyez un courriel \u00e0 <\/span><a href=\"mailto:amani@upstreamottawa.ca\"><span style=\"font-weight: 400;\">amani@upstreamottawa.ca<\/span><\/a><span style=\"font-weight: 400;\">.<\/span><\/p><p><span style=\"font-weight: 400;\">Vous pouvez \u00e9galement prendre rendez-vous <\/span><a href=\"https:\/\/www.upstreamottawa.ca\/sapaccy\/\"><span style=\"font-weight: 400;\">en ligne<\/span><\/a><span style=\"font-weight: 400;\">.<\/span><\/p><p><a href=\"https:\/\/www.instagram.com\/upstreamottawa\/\">Instagram<\/a> | <a href=\"https:\/\/www.facebook.com\/upstreamottawa?fref=ts\">Facebook<\/a><\/p><\/div>\n\t\t\t\t<\/div>\n\t\t\t\t\t\t\t<div class=\"elementor-accordion-item\">\n\t\t\t\t\t<div id=\"elementor-tab-title-1185\" class=\"elementor-tab-title\" data-tab=\"5\" role=\"button\" aria-controls=\"elementor-tab-content-1185\" aria-expanded=\"false\">\n\t\t\t\t\t\t\t\t\t\t\t\t\t<span class=\"elementor-accordion-icon elementor-accordion-icon-right\" aria-hidden=\"true\">\n\t\t\t\t\t\t\t\t\t\t\t\t\t\t\t<span class=\"elementor-accordion-icon-closed\"><i class=\"fas fa-chevron-down\"><\/i><\/span>\n\t\t\t\t\t\t\t\t<span class=\"elementor-accordion-icon-opened\"><i class=\"fas fa-chevron-up\"><\/i><\/span>\n\t\t\t\t\t\t\t\t\t\t\t\t\t\t<\/span>\n\t\t\t\t\t\t\t\t\t\t\t\t<a class=\"elementor-accordion-title\" tabindex=\"0\">Peel<\/a>\n\t\t\t\t\t<\/div>\n\t\t\t\t\t<div id=\"elementor-tab-content-1185\" class=\"elementor-tab-content elementor-clearfix\" data-tab=\"5\" role=\"region\" aria-labelledby=\"elementor-tab-title-1185\" data-no-translation=\"\" data-trp-gettext=\"\"><p><strong><a href=\"https:\/\/rootscs.org\/amani\">Services Communautaires Roots<\/a> compte deux sites :<\/strong><\/p><ul><li style=\"font-weight: 400;\" aria-level=\"1\"><span style=\"font-weight: 400;\">Bureau de Brampton : 36, rue Queen Est, niveau inf\u00e9rieur, \u00e9difice Goodison, Brampton, ON, L6B 1A2<\/span><span style=\"font-weight: 400;\"><br \/><\/span><\/li><li style=\"font-weight: 400;\" aria-level=\"1\"><span style=\"font-weight: 400;\">Bureau de Mississauga : 2227, South Millway, bureau 202, Mississauga ON, L5L 3R6)<\/span><\/li><\/ul><p><span style=\"font-weight: 400;\"><br \/>Pour plus d\u2019informations ou pour prendre rendez-vous, appelez le 647-812-8545 ou envoyez un courriel \u00e0 <a href=\"mailto:amani@rootscs.org\">amani@rootscs.org<\/a><br \/><\/span><\/p><p><a href=\"https:\/\/www.instagram.com\/rootscspeel\">Instagram<\/a> | <a href=\"https:\/\/www.facebook.com\/RootsCSI\">Facebook<\/a><\/p><\/div>\n\t\t\t\t<\/div>\n\t\t\t\t\t\t\t<div class=\"elementor-accordion-item\">\n\t\t\t\t\t<div id=\"elementor-tab-title-1186\" class=\"elementor-tab-title\" data-tab=\"6\" role=\"button\" aria-controls=\"elementor-tab-content-1186\" aria-expanded=\"false\">\n\t\t\t\t\t\t\t\t\t\t\t\t\t<span class=\"elementor-accordion-icon elementor-accordion-icon-right\" aria-hidden=\"true\">\n\t\t\t\t\t\t\t\t\t\t\t\t\t\t\t<span class=\"elementor-accordion-icon-closed\"><i class=\"fas fa-chevron-down\"><\/i><\/span>\n\t\t\t\t\t\t\t\t<span class=\"elementor-accordion-icon-opened\"><i class=\"fas fa-chevron-up\"><\/i><\/span>\n\t\t\t\t\t\t\t\t\t\t\t\t\t\t<\/span>\n\t\t\t\t\t\t\t\t\t\t\t\t<a class=\"elementor-accordion-title\" tabindex=\"0\">Scarborough<\/a>\n\t\t\t\t\t<\/div>\n\t\t\t\t\t<div id=\"elementor-tab-content-1186\" class=\"elementor-tab-content elementor-clearfix\" data-tab=\"6\" role=\"region\" aria-labelledby=\"elementor-tab-title-1186\" data-no-translation=\"\" data-trp-gettext=\"\"><p><strong><a href=\"https:\/\/www.taibuchc.ca\/fr\/le-programme-amani\/\">Centre de sant\u00e9 communautaire TAIBU<\/a><br \/><\/strong><span style=\"font-weight: 400;\">27, chemin Tapscott, unit\u00e9 #1, Toronto, ON, M1B\u00a04Y7<\/span><\/p><p><span style=\"font-weight: 400;\">Pour \u00eatre orient\u00e9 ou en savoir plus sur le programme, veuillez appeler le 416-679-2735 x212 ou envoyer un courriel \u00e0 <a href=\"mailto:info@taibuchc.ca\">info@taibuchc.ca<\/a> <\/span><\/p><p><a href=\"https:\/\/www.instagram.com\/taibuchc\/\">Instagram<\/a> | <a href=\"https:\/\/www.facebook.com\/TAIBUCommunity\/\">Facebook<\/a><\/p><\/div>\n\t\t\t\t<\/div>\n\t\t\t\t\t\t\t<div class=\"elementor-accordion-item\">\n\t\t\t\t\t<div id=\"elementor-tab-title-1187\" class=\"elementor-tab-title\" data-tab=\"7\" role=\"button\" aria-controls=\"elementor-tab-content-1187\" aria-expanded=\"false\">\n\t\t\t\t\t\t\t\t\t\t\t\t\t<span class=\"elementor-accordion-icon elementor-accordion-icon-right\" aria-hidden=\"true\">\n\t\t\t\t\t\t\t\t\t\t\t\t\t\t\t<span class=\"elementor-accordion-icon-closed\"><i class=\"fas fa-chevron-down\"><\/i><\/span>\n\t\t\t\t\t\t\t\t<span class=\"elementor-accordion-icon-opened\"><i class=\"fas fa-chevron-up\"><\/i><\/span>\n\t\t\t\t\t\t\t\t\t\t\t\t\t\t<\/span>\n\t\t\t\t\t\t\t\t\t\t\t\t<a class=\"elementor-accordion-title\" tabindex=\"0\">Toronto<\/a>\n\t\t\t\t\t<\/div>\n\t\t\t\t\t<div id=\"elementor-tab-content-1187\" class=\"elementor-tab-content elementor-clearfix\" data-tab=\"7\" role=\"region\" aria-labelledby=\"elementor-tab-title-1187\" data-no-translation=\"\" data-trp-gettext=\"\"><p><strong><a href=\"https:\/\/www.camh.ca\/en\/patients-and-families\/programs-and-services\/amani-mental-health-and-substance-use-program\">Centre de toxicomanie et de sant\u00e9 mentale (CAMH)<\/a><br \/><\/strong><span style=\"font-weight: 400;\">80, chemin Workman, Toronto, ON, M6J\u00a01H4<\/span><\/p><p><span style=\"font-weight: 400;\">Pour \u00eatre orient\u00e9, contactez ACCESS CAMH (416-535-8501, option\u00a02)<\/span><\/p><p><span style=\"font-weight: 400;\">Pour en savoir plus sur le programme, veuillez appeler le 416-535-8501, poste 30655 ou <\/span><span style=\"font-weight: 400;\">envoyer un courriel \u00e0<\/span><span style=\"font-weight: 400;\"> <a href=\"mailto:amani@camh.ca\">amani@camh.ca<\/a><\/span><\/p><p><a href=\"https:\/\/www.instagram.com\/camhnews\/?hl=en\">Instagram<\/a> | <a href=\"https:\/\/www.facebook.com\/CentreforAddictionandMentalHealth\/\">Facebook<\/a><\/p><\/div>\n\t\t\t\t<\/div>\n\t\t\t\t\t\t\t<div class=\"elementor-accordion-item\">\n\t\t\t\t\t<div id=\"elementor-tab-title-1188\" class=\"elementor-tab-title\" data-tab=\"8\" role=\"button\" aria-controls=\"elementor-tab-content-1188\" aria-expanded=\"false\">\n\t\t\t\t\t\t\t\t\t\t\t\t\t<span class=\"elementor-accordion-icon elementor-accordion-icon-right\" aria-hidden=\"true\">\n\t\t\t\t\t\t\t\t\t\t\t\t\t\t\t<span class=\"elementor-accordion-icon-closed\"><i class=\"fas fa-chevron-down\"><\/i><\/span>\n\t\t\t\t\t\t\t\t<span class=\"elementor-accordion-icon-opened\"><i class=\"fas fa-chevron-up\"><\/i><\/span>\n\t\t\t\t\t\t\t\t\t\t\t\t\t\t<\/span>\n\t\t\t\t\t\t\t\t\t\t\t\t<a class=\"elementor-accordion-title\" tabindex=\"0\">Windsor<\/a>\n\t\t\t\t\t<\/div>\n\t\t\t\t\t<div id=\"elementor-tab-content-1188\" class=\"elementor-tab-content elementor-clearfix\" data-tab=\"8\" role=\"region\" aria-labelledby=\"elementor-tab-title-1188\" data-no-translation=\"\" data-trp-gettext=\"\"><p><strong><a href=\"https:\/\/wechc.org\/amani-mental-health-substance-use-program\/\">Centre de sant\u00e9 communautaire Windsor-Essex<\/a><\/strong><\/p><p><span style=\"font-weight: 400;\">Le Centre de sant\u00e9 communautaire Windsor-Essex dispose de plusieurs sites, mais ce programme est dispens\u00e9 sur le site du Centre de sant\u00e9 pour adolescents :<\/span><\/p><ul><li><span style=\"font-weight: 400;\">Centre de sant\u00e9 pour adolescents : 1361\u00a0 avenue Ouellette, unit\u00e9 101, Windsor, ON, N8X 1J6<\/span><\/li><\/ul><p><span style=\"font-weight: 400;\">Pour plus d\u2019informations ou pour prendre rendez-vous, appelez le 519-253-8481.<\/span><\/p><p><a href=\"https:\/\/www.facebook.com\/weCHC519\">Facebook<\/a><\/p><\/div>\n\t\t\t\t<\/div>\n\t\t\t\t\t\t\t\t<\/div>\n\t\t\t\t\t\t<\/div>\n\t\t\t\t<\/div>\n\t\t\t\t\t<\/div>\n\t\t\t\t<\/div>\n\t\t\t\t<div class=\"elementor-element elementor-element-f6448b2 elementor-widget__width-initial elementor-widget elementor-widget-heading\" data-id=\"f6448b2\" data-element_type=\"widget\" data-e-type=\"widget\" data-widget_type=\"heading.default\">\n\t\t\t\t<div class=\"elementor-widget-container\">\n\t\t\t\t\t<h2 class=\"elementor-heading-title elementor-size-default\">Pour en savoir plus sur l\u2019approche d\u2019AMANI en mati\u00e8re de prestation de services,<\/h2>\t\t\t\t<\/div>\n\t\t\t\t<\/div>\n\t\t\t\t<div class=\"elementor-element elementor-element-c18bd82 elementor-align-center elementor-widget elementor-widget-button\" data-id=\"c18bd82\" data-element_type=\"widget\" data-e-type=\"widget\" data-widget_type=\"button.default\">\n\t\t\t\t<div class=\"elementor-widget-container\">\n\t\t\t\t\t\t\t\t\t<div class=\"elementor-button-wrapper\">\n\t\t\t\t\t<a class=\"elementor-button elementor-button-link elementor-size-sm elementor-animation-float\" href=\"https:\/\/amaniservices.ca\/fr\/amani\/\">\n\t\t\t\t\t\t<span class=\"elementor-button-content-wrapper\">\n\t\t\t\t\t\t\t\t\t<span class=\"elementor-button-text\">Visitez notre page \u00ab \u00c0 propos \u00bb<\/span>\n\t\t\t\t\t<\/span>\n\t\t\t\t\t<\/a>\n\t\t\t\t<\/div>\n\t\t\t\t\t\t\t\t<\/div>\n\t\t\t\t<\/div>\n\t\t\t\t\t<\/div>\n\t\t\t\t<\/div>\n\t\t<div class=\"elementor-element elementor-element-a7b551e e-flex e-con-boxed e-con e-parent\" data-id=\"a7b551e\" data-element_type=\"container\" data-e-type=\"container\" data-settings=\"{&quot;background_background&quot;:&quot;classic&quot;}\">\n\t\t\t\t\t<div class=\"e-con-inner\">\n\t\t\t\t<div class=\"elementor-element elementor-element-593d5c3 elementor-widget elementor-widget-image\" data-id=\"593d5c3\" data-element_type=\"widget\" data-e-type=\"widget\" data-widget_type=\"image.default\">\n\t\t\t\t<div class=\"elementor-widget-container\">\n\t\t\t\t\t\t\t\t\t\t\t\t\t\t\t<img decoding=\"async\" width=\"800\" height=\"374\" src=\"https:\/\/amaniservices.ca\/wp-content\/uploads\/2024\/02\/Amplify-banners-FINALS_3-07-e1708725883615-1024x479.png\" class=\"attachment-large size-large wp-image-2401\" alt=\"Group of young people with graphic elements.\" srcset=\"https:\/\/amaniservices.ca\/wp-content\/uploads\/2024\/02\/Amplify-banners-FINALS_3-07-e1708725883615-1024x479.png 1024w, https:\/\/amaniservices.ca\/wp-content\/uploads\/2024\/02\/Amplify-banners-FINALS_3-07-e1708725883615-300x140.png 300w, https:\/\/amaniservices.ca\/wp-content\/uploads\/2024\/02\/Amplify-banners-FINALS_3-07-e1708725883615-768x359.png 768w, https:\/\/amaniservices.ca\/wp-content\/uploads\/2024\/02\/Amplify-banners-FINALS_3-07-e1708725883615-1536x718.png 1536w, https:\/\/amaniservices.ca\/wp-content\/uploads\/2024\/02\/Amplify-banners-FINALS_3-07-e1708725883615-2048x957.png 2048w\" sizes=\"(max-width: 800px) 100vw, 800px\" \/>\t\t\t\t\t\t\t\t\t\t\t\t\t\t\t<\/div>\n\t\t\t\t<\/div>\n\t\t\t\t\t<\/div>\n\t\t\t\t<\/div>\n\t\t\t\t<\/div>","protected":false},"excerpt":{"rendered":"<p>Programmes et services Programme de sant\u00e9 mentale et en usage de substances Le programme de sant\u00e9 mentale et d\u2019usage de substances d\u2019AMANI, anciennement connu sous le nom de \u00ab PTTJAC \u00bb (Programme de traitement de la toxicomanie pour les jeunes Afro-Canadiens et Carib\u00e9ens), fournit des soins gratuits et adapt\u00e9s \u00e0 la r\u00e9alit\u00e9 culturelle des jeunes [&hellip;]<\/p>\n","protected":false},"author":1,"featured_media":0,"parent":0,"menu_order":0,"comment_status":"closed","ping_status":"closed","template":"","meta":{"_acf_changed":false,"footnotes":""},"class_list":["post-3070","page","type-page","status-publish","hentry"],"acf":[],"_links":{"self":[{"href":"https:\/\/amaniservices.ca\/fr\/wp-json\/wp\/v2\/pages\/3070","targetHints":{"allow":["GET"]}}],"collection":[{"href":"https:\/\/amaniservices.ca\/fr\/wp-json\/wp\/v2\/pages"}],"about":[{"href":"https:\/\/amaniservices.ca\/fr\/wp-json\/wp\/v2\/types\/page"}],"author":[{"embeddable":true,"href":"https:\/\/amaniservices.ca\/fr\/wp-json\/wp\/v2\/users\/1"}],"replies":[{"embeddable":true,"href":"https:\/\/amaniservices.ca\/fr\/wp-json\/wp\/v2\/comments?post=3070"}],"version-history":[{"count":61,"href":"https:\/\/amaniservices.ca\/fr\/wp-json\/wp\/v2\/pages\/3070\/revisions"}],"predecessor-version":[{"id":3814,"href":"https:\/\/amaniservices.ca\/fr\/wp-json\/wp\/v2\/pages\/3070\/revisions\/3814"}],"wp:attachment":[{"href":"https:\/\/amaniservices.ca\/fr\/wp-json\/wp\/v2\/media?parent=3070"}],"curies":[{"name":"wp","href":"https:\/\/api.w.org\/{rel}","templated":true}]}}